{"id":394,"date":"2025-09-19T22:40:09","date_gmt":"2025-09-19T20:40:09","guid":{"rendered":"https:\/\/colectivoantipirateria.org\/?page_id=394"},"modified":"2025-09-19T22:40:43","modified_gmt":"2025-09-19T20:40:43","slug":"394-2","status":"publish","type":"page","link":"https:\/\/colectivoantipirateria.org\/index.php\/394-2\/","title":{"rendered":"C\u00d3DIGO PENAL PERUANO"},"content":{"rendered":"<p>[et_pb_section fb_built=&#8221;1&#8243; _builder_version=&#8221;4.17.4&#8243; _module_preset=&#8221;default&#8221; background_enable_image=&#8221;off&#8221; parallax=&#8221;on&#8221; background_enable_pattern_style=&#8221;on&#8221; background_pattern_style=&#8221;smiles&#8221; background_pattern_color=&#8221;rgba(0,0,0,0.02)&#8221; custom_margin=&#8221;0px||0px||true|false&#8221; custom_padding=&#8221;80px||80px||true|false&#8221; global_colors_info=&#8221;{}&#8221; theme_builder_area=&#8221;post_content&#8221;][et_pb_row _builder_version=&#8221;4.17.4&#8243; _module_preset=&#8221;default&#8221; max_width=&#8221;80%&#8221; custom_padding=&#8221;|||0%|false|false&#8221; animation_style=&#8221;fold&#8221; animation_direction=&#8221;left&#8221; border_width_bottom=&#8221;5px&#8221; border_color_bottom=&#8221;#143D3C&#8221; global_colors_info=&#8221;{}&#8221; theme_builder_area=&#8221;post_content&#8221;][et_pb_column type=&#8221;4_4&#8243; _builder_version=&#8221;4.17.4&#8243; _module_preset=&#8221;default&#8221; global_colors_info=&#8221;{}&#8221; theme_builder_area=&#8221;post_content&#8221;][et_pb_text _builder_version=&#8221;4.17.4&#8243; _module_preset=&#8221;default&#8221; header_text_color=&#8221;#00A79F&#8221; header_font_size=&#8221;65px&#8221; header_font_size_tablet=&#8221;65px&#8221; header_font_size_phone=&#8221;60px&#8221; header_font_size_last_edited=&#8221;on|phone&#8221; global_colors_info=&#8221;{}&#8221; theme_builder_area=&#8221;post_content&#8221;]<\/p>\n<h1>C\u00d3DIGO PENAL PERUANO<\/h1>\n<p>[\/et_pb_text][\/et_pb_column][\/et_pb_row][et_pb_row _builder_version=&#8221;4.17.4&#8243; _module_preset=&#8221;default&#8221; max_width=&#8221;80.2%&#8221; custom_padding=&#8221;60px|||||&#8221; global_colors_info=&#8221;{}&#8221; theme_builder_area=&#8221;post_content&#8221;][et_pb_column type=&#8221;4_4&#8243; _builder_version=&#8221;4.17.4&#8243; _module_preset=&#8221;default&#8221; global_colors_info=&#8221;{}&#8221; theme_builder_area=&#8221;post_content&#8221;][et_pb_text _builder_version=&#8221;4.17.4&#8243; _module_preset=&#8221;default&#8221; text_font=&#8221;Montserrat||||||||&#8221; text_text_color=&#8221;#474747&#8243; text_font_size=&#8221;20px&#8221; text_line_height=&#8221;1.8em&#8221; ol_text_align=&#8221;justify&#8221; ol_font_size=&#8221;18px&#8221; text_orientation=&#8221;justified&#8221; global_colors_info=&#8221;{}&#8221; theme_builder_area=&#8221;post_content&#8221;]<\/p>\n<p><strong>Art 217.<\/strong> Reproducci\u00f3n, difusi\u00f3n, distribuci\u00f3n y circulaci\u00f3n de la obra sin la autorizaci\u00f3n del autor<br \/>Ser\u00e1 reprimido con pena privativa de libertad no menor de dos ni mayor de seis a\u00f1os y con treinta a noventa d\u00edas-multa, el que con respecto a una obra, una interpretaci\u00f3n o ejecuci\u00f3n art\u00edstica, un fonograma o una emisi\u00f3n o transmisi\u00f3n de radiodifusi\u00f3n, o una grabaci\u00f3n audiovisual o una imagen fotogr\u00e1fica expresada en cualquier forma, realiza alguno de los siguientes actos sin la autorizaci\u00f3n previa y escrita del autor o titular de los derechos:<\/p>\n<p style=\"padding-left: 40px;\">a. La modifique total o parcialmente<\/p>\n<p style=\"padding-left: 40px;\">b. La distribuya mediante venta, alquiler o pr\u00e9stamo p\u00fablico.<\/p>\n<p style=\"padding-left: 40px;\">c. La comunique o difunda p\u00fablicamente, transmita o retransmita por cualquiera de los medios o procedimientos reservados al titular del respectivo derecho177. 117<\/p>\n<p style=\"padding-left: 40px;\">d. La reproduzca, distribuya o comunique en mayor n\u00famero que el autorizado por escrito.<\/p>\n<p>La pena ser\u00e1 no menor de cuatro a\u00f1os ni mayor de ocho y con sesenta a ciento veinte d\u00edas multa, cuando el agente la reproduzca total o parcialmente, por cualquier medio o procedimiento y si la distribuci\u00f3n se realiza mediante venta, alquiler o pr\u00e9stamo al p\u00fablico u otra forma de transferencia de la posesi\u00f3n del soporte que contiene la obra o producci\u00f3n que supere las dos (2) Unidades Impositivas Tributarias, en forma fraccionada, en un solo acto o en diferentes actos de inferior importe cada uno.<\/p>\n<p><strong>Art 218.<\/strong> Formas agravadas<br \/>La pena ser\u00e1 privativa de libertad no menor de cuatro ni mayor de ocho a\u00f1os y con noventa a ciento ochenta d\u00edas multa cuando:<\/p>\n<p style=\"padding-left: 40px;\">a. Se d\u00e9 a conocer al p\u00fablico una obra in\u00e9dita o no divulgada, que haya recibido en confianza del titular del derecho de autor o de alguien en su nombre, sin el consentimiento del titular.<\/p>\n<p style=\"padding-left: 40px;\">b. La reproducci\u00f3n, distribuci\u00f3n o comunicaci\u00f3n p\u00fablica se realiza con fines comerciales u otro tipo de ventaja econ\u00f3mica, o alterando o suprimiendo el nombre o seud\u00f3nimo del autor, productor o titular de los derechos178. 118<\/p>\n<p style=\"padding-left: 40px;\">c. Conociendo el origen il\u00edcito de la copia o reproducci\u00f3n, la distribuya al p\u00fablico, por cualquier medio, la almacene, oculte, introduzca en el pa\u00eds o la saque de \u00e9ste.<\/p>\n<p style=\"padding-left: 40px;\">d. Se fabrique, ensamble, importe, exporte, modifique, venda, alquile, ofrezca para la venta o alquiler, o ponga de cualquier otra manera en circulaci\u00f3n dispositivos, sistemas tangibles o intangibles, esquemas o equipos capaces de soslayar otro dispositivo destinado a impedir o restringir la realizaci\u00f3n de copias de obras, o a menoscabar la calidad de las copias realizadas, o capaces de permitir o fomentar la recepci\u00f3n de un programa codificado, radiodifundido o comunicado en otra forma al p\u00fablico, por aquellos que no est\u00e1n autorizados para ello<\/p>\n<p style=\"padding-left: 40px;\">e. Se inscriba en el Registro del Derecho de Autor la obra, interpretaci\u00f3n, producci\u00f3n o emisi\u00f3n ajenas, o cualquier otro tipo de bienes intelectuales, como si fueran propios, o como de persona distinta del verdadero titular de los derechos.<\/p>\n<p>Capitulo II<\/p>\n<p><strong>Art 222.<\/strong> Ser\u00e1 reprimido con pena privativa de libertad no menor de dos ni mayor de cinco a\u00f1os, con sesenta a trescientos sesenta y cinco d\u00edas multa e inhabilitaci\u00f3n conforme al art\u00edculo 36\u00b0 inciso 4) tomando en consideraci\u00f3n la gravedad del delito y el valor de los perjuicios ocasionados, quien en violaci\u00f3n de las normas y derechos de propiedad industrial, almacene, fabrique, utilice con fines comerciales, oferte, distribuya, venda, importe o exporte, en todo o en parte:<\/p>\n<p style=\"padding-left: 40px;\">a. Un producto amparado por una patente de invenci\u00f3n o un producto fabricado mediante la utilizaci\u00f3n de un procedimiento amparado por una patente de invenci\u00f3n obtenidos en el pa\u00eds;<\/p>\n<p style=\"padding-left: 40px;\">b. Un producto amparado por un modelo de utilidad obtenido en el pa\u00eds;<\/p>\n<p style=\"padding-left: 40px;\">c. Un producto amparado por un dise\u00f1o industrial registrado en el pa\u00eds;<\/p>\n<p style=\"padding-left: 40px;\">d. Una obtenci\u00f3n vegetal registrada en el pa\u00eds, as\u00ed como su material de reproducci\u00f3n, propagaci\u00f3n o multiplicaci\u00f3n;<\/p>\n<p style=\"padding-left: 40px;\">e. Un esquema de trazado (tipograf\u00eda) registrado en el pa\u00eds, un circuito semiconductor que incorpore dicho esquema de trazado (topograf\u00eda) o un art\u00edculo que incorpore tal circuito semiconductor;<\/p>\n<p style=\"padding-left: 40px;\">f. Un producto o servicio que utilice una marca no registrada id\u00e9ntica o similar a una marca registrada en el pa\u00eds<\/p>\n<p><strong>Art 222<\/strong> <strong>A.<\/strong> Ser\u00e1 reprimido con pena privativa de libertad no menor de cuatro (4) ni mayor de seis (6) a\u00f1os, con sesenta (60) a trescientos sesenta y cinco (365) d\u00edas multa, el que altere, reemplace, duplique o de cualquier modo modifique un n\u00famero de l\u00ednea, o de serie electr\u00f3nico, o de serie mec\u00e1nico de un terminal celular, o de IMEI electr\u00f3nico o f\u00edsico de modo tal que pueda ocasionar perjuicio al titular, al usuario del mismo, a terceros o para ocultar la identidad de los que realizan actos il\u00edcitos<\/p>\n<p><strong>Art 223.<\/strong> Uso o venta no autorizada de dise\u00f1o o modelo industrial<\/p>\n<p>Ser\u00e1n reprimidos con pena privativa de la libertad no menor de dos ni mayor de cinco a\u00f1os, con sesenta a trescientos sesenta y cinco d\u00edas-multa e inhabilitaci\u00f3n conforme al art\u00edculo 36\u00b0 inciso 4) tomando en consideraci\u00f3n la gravedad del delito y el valor de los perjuicios ocasionados, quienes en violaci\u00f3n de las normas y derechos de propiedad industrial:<\/p>\n<p style=\"padding-left: 40px;\">a. Fabriquen, comercialicen, distribuyan o almacenen etiquetas, sellos o envases que contengan marcas registradas;<\/p>\n<p style=\"padding-left: 40px;\">b. Retiren o utilicen etiquetas, sellos o envases que contengan marcas originales para u utilizarlos en productos de distinto origen; y<\/p>\n<p style=\"padding-left: 40px;\">c. Envasen y\/o comercialicen productos empleando envases identificados con marcas cuya titularidad corresponde a terceros<\/p>\n<p><strong>Art 224.<\/strong> Incautaci\u00f3n preventiva y comiso definitivo<\/p>\n<p>En los delitos previstos en este Cap\u00edtulo se proceder\u00e1 a la incautaci\u00f3n preventiva de los ejemplares y materiales, de los aparatos o medios utilizados para la comisi\u00f3n del il\u00edcito y, de ser el caso, de los activos y cualquier evidencia documental, relacionados al il\u00edcito penal.<\/p>\n<p>De ser necesario, el Fiscal pedir\u00e1 autorizaci\u00f3n al Juez para leer la documentaci\u00f3n que se halle en el lugar de la intervenci\u00f3n, en ejecuci\u00f3n de cuya autorizaci\u00f3n se incautar\u00e1 la documentaci\u00f3n vinculada con el hecho materia de investigaci\u00f3n.<\/p>\n<p>Para la incautaci\u00f3n no se requerir\u00e1 identificar individualmente la totalidad de los materiales, siempre que se tomen las medidas necesarias para que durante el proceso judicial se identifiquen la totalidad de los mismos. En este acto participar\u00e1 el representante del Ministerio P\u00fablico.<\/p>\n<p>Asimismo, el Juez, a solicitud del Ministerio P\u00fablico, ordenar\u00e1 el allanamiento o descerraje del local donde se estuviere cometiendo el il\u00edcito penal.<\/p>\n<p>En caso de emitirse sentencia condenatoria, los ejemplares, materiales il\u00edcitos, aparatos y medios utilizados para la comisi\u00f3n del il\u00edcito ser\u00e1n comisados y destruidos, salvo casos excepcionales debidamente calificados por la autoridad judicial.<\/p>\n<p>En ning\u00fan caso proceder\u00e1 la devoluci\u00f3n de los ejemplares il\u00edcitos al encausado.<\/p>\n<ol>\n<li style=\"list-style-type: none;\">\n<ol><\/ol>\n<\/li>\n<\/ol>\n<p>[\/et_pb_text][\/et_pb_column][\/et_pb_row][\/et_pb_section]<\/p>\n","protected":false},"excerpt":{"rendered":"<p>C\u00d3DIGO PENAL PERUANOArt 217. Reproducci\u00f3n, difusi\u00f3n, distribuci\u00f3n y circulaci\u00f3n de la obra sin la autorizaci\u00f3n del autorSer\u00e1 reprimido con pena privativa de libertad no menor de dos ni mayor de seis a\u00f1os y con treinta a noventa d\u00edas-multa, el que con respecto a una obra, una interpretaci\u00f3n o ejecuci\u00f3n art\u00edstica, un fonograma o una emisi\u00f3n [&hellip;]<\/p>\n","protected":false},"author":1,"featured_media":0,"parent":0,"menu_order":0,"comment_status":"closed","ping_status":"closed","template":"","meta":{"_et_pb_use_builder":"on","_et_pb_old_content":"","_et_gb_content_width":"","footnotes":""},"_links":{"self":[{"href":"https:\/\/colectivoantipirateria.org\/index.php\/wp-json\/wp\/v2\/pages\/394"}],"collection":[{"href":"https:\/\/colectivoantipirateria.org\/index.php\/wp-json\/wp\/v2\/pages"}],"about":[{"href":"https:\/\/colectivoantipirateria.org\/index.php\/wp-json\/wp\/v2\/types\/page"}],"author":[{"embeddable":true,"href":"https:\/\/colectivoantipirateria.org\/index.php\/wp-json\/wp\/v2\/users\/1"}],"replies":[{"embeddable":true,"href":"https:\/\/colectivoantipirateria.org\/index.php\/wp-json\/wp\/v2\/comments?post=394"}],"version-history":[{"count":3,"href":"https:\/\/colectivoantipirateria.org\/index.php\/wp-json\/wp\/v2\/pages\/394\/revisions"}],"predecessor-version":[{"id":398,"href":"https:\/\/colectivoantipirateria.org\/index.php\/wp-json\/wp\/v2\/pages\/394\/revisions\/398"}],"wp:attachment":[{"href":"https:\/\/colectivoantipirateria.org\/index.php\/wp-json\/wp\/v2\/media?parent=394"}],"curies":[{"name":"wp","href":"https:\/\/api.w.org\/{rel}","templated":true}]}}