{"id":369,"date":"2025-09-19T22:18:29","date_gmt":"2025-09-19T20:18:29","guid":{"rendered":"https:\/\/colectivoantipirateria.org\/?page_id=369"},"modified":"2025-09-19T22:18:57","modified_gmt":"2025-09-19T20:18:57","slug":"369-2","status":"publish","type":"page","link":"https:\/\/colectivoantipirateria.org\/index.php\/369-2\/","title":{"rendered":"DECRETO LEGISLATIVO NRO 822 \u2013 LEY SOBRE DERECHO DE AUTOR &#8211; PE"},"content":{"rendered":"<p>[et_pb_section fb_built=&#8221;1&#8243; _builder_version=&#8221;4.17.4&#8243; _module_preset=&#8221;default&#8221; background_enable_image=&#8221;off&#8221; parallax=&#8221;on&#8221; background_enable_pattern_style=&#8221;on&#8221; background_pattern_style=&#8221;smiles&#8221; background_pattern_color=&#8221;rgba(0,0,0,0.02)&#8221; custom_margin=&#8221;0px||0px||true|false&#8221; custom_padding=&#8221;80px||80px||true|false&#8221; global_colors_info=&#8221;{}&#8221; theme_builder_area=&#8221;post_content&#8221;][et_pb_row _builder_version=&#8221;4.17.4&#8243; _module_preset=&#8221;default&#8221; max_width=&#8221;80%&#8221; custom_padding=&#8221;|||0%|false|false&#8221; animation_style=&#8221;fold&#8221; animation_direction=&#8221;left&#8221; border_width_bottom=&#8221;5px&#8221; border_color_bottom=&#8221;#143D3C&#8221; global_colors_info=&#8221;{}&#8221; theme_builder_area=&#8221;post_content&#8221;][et_pb_column type=&#8221;4_4&#8243; _builder_version=&#8221;4.17.4&#8243; _module_preset=&#8221;default&#8221; global_colors_info=&#8221;{}&#8221; theme_builder_area=&#8221;post_content&#8221;][et_pb_text _builder_version=&#8221;4.17.4&#8243; _module_preset=&#8221;default&#8221; header_text_color=&#8221;#00A79F&#8221; header_font_size=&#8221;65px&#8221; header_font_size_tablet=&#8221;65px&#8221; header_font_size_phone=&#8221;60px&#8221; header_font_size_last_edited=&#8221;on|phone&#8221; global_colors_info=&#8221;{}&#8221; theme_builder_area=&#8221;post_content&#8221;]<\/p>\n<h1>DECRETO LEGISLATIVO NRO 822 \u2013 LEY SOBRE DERECHO DE AUTOR<\/h1>\n<p>[\/et_pb_text][\/et_pb_column][\/et_pb_row][et_pb_row _builder_version=&#8221;4.17.4&#8243; _module_preset=&#8221;default&#8221; max_width=&#8221;80%&#8221; custom_padding=&#8221;60px|||||&#8221; global_colors_info=&#8221;{}&#8221; theme_builder_area=&#8221;post_content&#8221;][et_pb_column type=&#8221;4_4&#8243; _builder_version=&#8221;4.17.4&#8243; _module_preset=&#8221;default&#8221; global_colors_info=&#8221;{}&#8221; theme_builder_area=&#8221;post_content&#8221;][et_pb_text _builder_version=&#8221;4.17.4&#8243; _module_preset=&#8221;default&#8221; text_font=&#8221;Montserrat||||||||&#8221; text_text_color=&#8221;#474747&#8243; text_font_size=&#8221;20px&#8221; text_line_height=&#8221;1.8em&#8221; ol_text_align=&#8221;justify&#8221; ol_font_size=&#8221;18px&#8221; text_orientation=&#8221;justified&#8221; global_colors_info=&#8221;{}&#8221; theme_builder_area=&#8221;post_content&#8221;]<\/p>\n<p><strong>\u00a0Art 1.<\/strong> Las disposiciones de la presente ley tienen por objeto la protecci\u00f3n de los autores de las obras literarias y art\u00edsticas y de sus derechohabientes, de los titulares de derechos conexos al derecho de autor reconocidos en ella y de la salvaguardia del acervo cultural. <br \/>Esta protecci\u00f3n se reconoce cualquiera que sea la nacionalidad, el domicilio del autor o titular del respectivo derecho o el lugar de la publicaci\u00f3n o divulgaci\u00f3n.<br \/><strong><\/strong><\/p>\n<p><strong>Art 2.<\/strong> A los efectos de esta ley, las expresiones que siguen y sus respectivas<br \/>formas derivadas tendr\u00e1n el significado siguiente:<\/p>\n<p style=\"padding-left: 40px;\">1. Autor: Persona natural que realiza la creaci\u00f3n intelectual.<\/p>\n<p style=\"padding-left: 40px;\">2. Artista int\u00e9rprete o ejecutante: Persona que representa, canta, lee, recita, interpreta o ejecuta en cualquier forma una obra literaria o art\u00edstica o una expresi\u00f3n del folklore, as\u00ed como el artista de variedades y de circo.<\/p>\n<p><strong>Art 7:<\/strong> El t\u00edtulo de una obra, cuando sea original, queda protegido como parte de ella.<\/p>\n<p><strong>Art 10:<\/strong> El autor es el titular originario de los derechos exclusivos sobre la obra, de orden moral y patrimonial, reconocidos por la presente ley.<br \/>Sin embargo, de la protecci\u00f3n que esta ley reconoce al autor se podr\u00e1n beneficiar otras personas naturales o jur\u00eddicas, en los casos expresamente previstos en ella.<\/p>\n<ol>\n<li style=\"list-style-type: none;\">\n<ol><\/ol>\n<\/li>\n<\/ol>\n<p>[\/et_pb_text][\/et_pb_column][\/et_pb_row][\/et_pb_section]<\/p>\n","protected":false},"excerpt":{"rendered":"<p>DECRETO LEGISLATIVO NRO 822 \u2013 LEY SOBRE DERECHO DE AUTOR\u00a0Art 1. Las disposiciones de la presente ley tienen por objeto la protecci\u00f3n de los autores de las obras literarias y art\u00edsticas y de sus derechohabientes, de los titulares de derechos conexos al derecho de autor reconocidos en ella y de la salvaguardia del acervo cultural. [&hellip;]<\/p>\n","protected":false},"author":1,"featured_media":0,"parent":0,"menu_order":0,"comment_status":"closed","ping_status":"closed","template":"","meta":{"_et_pb_use_builder":"on","_et_pb_old_content":"","_et_gb_content_width":"","footnotes":""},"_links":{"self":[{"href":"https:\/\/colectivoantipirateria.org\/index.php\/wp-json\/wp\/v2\/pages\/369"}],"collection":[{"href":"https:\/\/colectivoantipirateria.org\/index.php\/wp-json\/wp\/v2\/pages"}],"about":[{"href":"https:\/\/colectivoantipirateria.org\/index.php\/wp-json\/wp\/v2\/types\/page"}],"author":[{"embeddable":true,"href":"https:\/\/colectivoantipirateria.org\/index.php\/wp-json\/wp\/v2\/users\/1"}],"replies":[{"embeddable":true,"href":"https:\/\/colectivoantipirateria.org\/index.php\/wp-json\/wp\/v2\/comments?post=369"}],"version-history":[{"count":4,"href":"https:\/\/colectivoantipirateria.org\/index.php\/wp-json\/wp\/v2\/pages\/369\/revisions"}],"predecessor-version":[{"id":374,"href":"https:\/\/colectivoantipirateria.org\/index.php\/wp-json\/wp\/v2\/pages\/369\/revisions\/374"}],"wp:attachment":[{"href":"https:\/\/colectivoantipirateria.org\/index.php\/wp-json\/wp\/v2\/media?parent=369"}],"curies":[{"name":"wp","href":"https:\/\/api.w.org\/{rel}","templated":true}]}}