{"id":214,"date":"2025-09-19T19:02:17","date_gmt":"2025-09-19T17:02:17","guid":{"rendered":"https:\/\/colectivoantipirateria.org\/?page_id=214"},"modified":"2025-09-22T23:12:55","modified_gmt":"2025-09-22T21:12:55","slug":"legislacion-ecuador","status":"publish","type":"page","link":"https:\/\/colectivoantipirateria.org\/index.php\/legislacion-ecuador\/","title":{"rendered":"Legislacion-Ecuador"},"content":{"rendered":"<p>[et_pb_section fb_built=&#8221;1&#8243; _builder_version=&#8221;4.17.4&#8243; _module_preset=&#8221;default&#8221; use_background_color_gradient=&#8221;on&#8221; background_color_gradient_direction=&#8221;90deg&#8221; background_color_gradient_stops=&#8221;rgba(0,0,0,0.6) 0%|rgba(0,0,0,0.6) 99%&#8221; background_color_gradient_overlays_image=&#8221;on&#8221; background_image=&#8221;https:\/\/colectivoantipirateria.org\/wp-content\/uploads\/2024\/02\/Captura.png&#8221; custom_margin=&#8221;0px||0px||true|false&#8221; custom_padding=&#8221;90px||90px||true|false&#8221; global_colors_info=&#8221;{}&#8221;][et_pb_row _builder_version=&#8221;4.17.4&#8243; _module_preset=&#8221;default&#8221; custom_margin=&#8221;||100px|50px|false|false&#8221; custom_padding=&#8221;|||0%|false|false&#8221; animation_style=&#8221;fold&#8221; animation_direction=&#8221;left&#8221; border_width_bottom=&#8221;5px&#8221; border_color_bottom=&#8221;#00F3E8&#8243; global_colors_info=&#8221;{}&#8221;][et_pb_column type=&#8221;4_4&#8243; _builder_version=&#8221;4.17.4&#8243; _module_preset=&#8221;default&#8221; global_colors_info=&#8221;{}&#8221;][et_pb_text _builder_version=&#8221;4.17.4&#8243; _module_preset=&#8221;default&#8221; header_text_color=&#8221;#FFFFFF&#8221; header_font_size=&#8221;100px&#8221; header_font_size_tablet=&#8221;100px&#8221; header_font_size_phone=&#8221;60px&#8221; header_font_size_last_edited=&#8221;on|phone&#8221; global_colors_info=&#8221;{}&#8221;]<\/p>\n<h1>Legislaci\u00f3n Ecuador\u00a0<\/h1>\n<p>[\/et_pb_text][\/et_pb_column][\/et_pb_row][\/et_pb_section][et_pb_section fb_built=&#8221;1&#8243; _builder_version=&#8221;4.17.4&#8243; _module_preset=&#8221;default&#8221; global_colors_info=&#8221;{}&#8221;][et_pb_row _builder_version=&#8221;4.17.4&#8243; _module_preset=&#8221;default&#8221; max_width=&#8221;80%&#8221; custom_margin=&#8221;||50px||false|false&#8221; global_colors_info=&#8221;{}&#8221;][et_pb_column type=&#8221;4_4&#8243; _builder_version=&#8221;4.17.4&#8243; _module_preset=&#8221;default&#8221; global_colors_info=&#8221;{}&#8221;][et_pb_divider color=&#8221;#00A79F&#8221; divider_weight=&#8221;3px&#8221; _builder_version=&#8221;4.17.4&#8243; _module_preset=&#8221;default&#8221; global_colors_info=&#8221;{}&#8221;][\/et_pb_divider][et_pb_text _builder_version=&#8221;4.17.4&#8243; _module_preset=&#8221;default&#8221; text_font=&#8221;Montserrat||||||||&#8221; text_font_size=&#8221;18px&#8221; text_line_height=&#8221;1.8em&#8221; text_orientation=&#8221;justified&#8221; text_font_size_tablet=&#8221;18px&#8221; text_font_size_phone=&#8221;18px&#8221; text_font_size_last_edited=&#8221;on|phone&#8221; global_colors_info=&#8221;{}&#8221;]<\/p>\n<p>La legislaci\u00f3n nacional ecuatoriana sobre la protecci\u00f3n de la propiedad intelectual est\u00e1 establecida en el C\u00f3digo Org\u00e1nico de la Econom\u00eda Social de los Conocimientos, COESCCI, que protege los derechos de autor, patentes, marcas y otros aspectos relacionados con la propiedad intelectual. Esta ley busca fomentar la creaci\u00f3n de bienes intelectuales, otorgando a personas y empresas derechos de propiedad sobre las creaciones del intelecto humano.<\/p>\n<p>En casos de falsificaci\u00f3n, pirater\u00eda y contrabando de productos protegidos, se contemplan sanciones que van desde multas econ\u00f3micas hasta penas privativas de libertad, dependiendo de la gravedad del delito y la reincidencia de acuerdo al C\u00f3digo Org\u00e1nico Integral Penal, COIP.<\/p>\n<p>A nivel internacional, Ecuador forma parte del Acuerdo sobre los Aspectos de los Derechos de Propiedad Intelectual relacionados con el Comercio (ADPIC), del Convenio de Berna para la protecci\u00f3n de las Obras Literarias y Art\u00edsticas, entre otras; estableciendo as\u00ed est\u00e1ndares internacionales para la protecci\u00f3n de la propiedad intelectual y las sanciones en casos de infracciones. Estos instrumentos internacionales influyen en la legislaci\u00f3n nacional y en la aplicaci\u00f3n de sanciones en casos de infracciones a la propiedad intelectual.<\/p>\n<p>A continuaci\u00f3n, se presenta un desglose de la legislaci\u00f3n nacional e internacional enfocada en la protecci\u00f3n de la propiedad intelectual y de las sanciones que caben en cada caso<\/p>\n<p>[\/et_pb_text][\/et_pb_column][\/et_pb_row][et_pb_row column_structure=&#8221;1_3,1_3,1_3&#8243; _builder_version=&#8221;4.17.4&#8243; _module_preset=&#8221;default&#8221; max_width=&#8221;80%&#8221; animation_style=&#8221;slide&#8221; animation_direction=&#8221;left&#8221; border_width_bottom=&#8221;3px&#8221; border_color_bottom=&#8221;#143D3C&#8221; global_colors_info=&#8221;{}&#8221;][et_pb_column type=&#8221;1_3&#8243; _builder_version=&#8221;4.17.4&#8243; _module_preset=&#8221;default&#8221; global_colors_info=&#8221;{}&#8221;][et_pb_blurb title=&#8221;CONSTITUCI\u00d3N DE LA REP\u00daBLICA DEL ECUADOR, CRE&#8221; url=&#8221;@ET-DC@eyJkeW5hbWljIjp0cnVlLCJjb250ZW50IjoicG9zdF9saW5rX3VybF9wYWdlIiwic2V0dGluZ3MiOnsicG9zdF9pZCI6Ijc3In19@&#8221; module_id=&#8221;card-legal&#8221; _builder_version=&#8221;4.17.4&#8243; _dynamic_attributes=&#8221;url,link_option_url&#8221; _module_preset=&#8221;default&#8221; header_font=&#8221;Montserrat||||||||&#8221; header_text_align=&#8221;center&#8221; header_text_color=&#8221;#474747&#8243; header_font_size=&#8221;25px&#8221; body_font=&#8221;Montserrat||||||||&#8221; body_text_align=&#8221;justify&#8221; body_text_color=&#8221;#00A79F&#8221; custom_padding=&#8221;20px|20px|20px|20px|true|true&#8221; link_option_url=&#8221;@ET-DC@eyJkeW5hbWljIjp0cnVlLCJjb250ZW50IjoicG9zdF9saW5rX3VybF9wYWdlIiwic2V0dGluZ3MiOnsicG9zdF9pZCI6Ijc3In19@&#8221; border_radii=&#8221;on|10px|10px|10px|10px&#8221; border_color_all=&#8221;#00F3E8&#8243; box_shadow_style=&#8221;preset2&#8243; global_colors_info=&#8221;{}&#8221;]&nbsp;<\/p>\n<p style=\"text-align: center; padding: 5px; border: 2px solid; border-radius:10px; margin-bottom:10px;\">M\u00e1s informaci\u00f3n<\/p>\n<p style=\"text-align: center;\"><span style=\"color: #333300;\"><\/span><\/p>\n<p>[\/et_pb_blurb][\/et_pb_column][et_pb_column type=&#8221;1_3&#8243; _builder_version=&#8221;4.17.4&#8243; _module_preset=&#8221;default&#8221; global_colors_info=&#8221;{}&#8221;][et_pb_blurb title=&#8221;CONVENIO DE BERNA PARA PROTECCI\u00d3N DE OBRAS LITERARIAS Y ART\u00cdSTICAS&#8221; url=&#8221;@ET-DC@eyJkeW5hbWljIjp0cnVlLCJjb250ZW50IjoicG9zdF9saW5rX3VybF9wYWdlIiwic2V0dGluZ3MiOnsicG9zdF9pZCI6IjEwNiJ9fQ==@&#8221; module_id=&#8221;card-legal&#8221; _builder_version=&#8221;4.17.4&#8243; _dynamic_attributes=&#8221;url,link_option_url&#8221; _module_preset=&#8221;default&#8221; header_font=&#8221;Montserrat||||||||&#8221; header_text_align=&#8221;center&#8221; header_text_color=&#8221;#474747&#8243; header_font_size=&#8221;25px&#8221; body_font=&#8221;Montserrat||||||||&#8221; body_text_align=&#8221;justify&#8221; body_text_color=&#8221;#00A79F&#8221; custom_padding=&#8221;20px|20px|20px|20px|true|true&#8221; link_option_url=&#8221;@ET-DC@eyJkeW5hbWljIjp0cnVlLCJjb250ZW50IjoicG9zdF9saW5rX3VybF9wYWdlIiwic2V0dGluZ3MiOnsicG9zdF9pZCI6IjEwNiJ9fQ==@&#8221; border_radii=&#8221;on|10px|10px|10px|10px&#8221; border_color_all=&#8221;#00F3E8&#8243; box_shadow_style=&#8221;preset2&#8243; global_colors_info=&#8221;{}&#8221;]&nbsp;<\/p>\n<p style=\"text-align: center; padding: 5px; border: 2px solid; border-radius:10px; margin-bottom:10px;\">M\u00e1s informaci\u00f3n<\/p>\n<p style=\"text-align: center;\"><span style=\"color: #333300;\"><\/span><\/p>\n<p>[\/et_pb_blurb][\/et_pb_column][et_pb_column type=&#8221;1_3&#8243; _builder_version=&#8221;4.17.4&#8243; _module_preset=&#8221;default&#8221; global_colors_info=&#8221;{}&#8221;][et_pb_blurb title=&#8221;CONVENIO DE PAR\u00cdS PARA LA PROTECCI\u00d3N DE LA PROPIEDAD INDUSTRIAL&#8221; url=&#8221;@ET-DC@eyJkeW5hbWljIjp0cnVlLCJjb250ZW50IjoicG9zdF9saW5rX3VybF9wYWdlIiwic2V0dGluZ3MiOnsicG9zdF9pZCI6IjExMCJ9fQ==@&#8221; module_id=&#8221;card-legal&#8221; _builder_version=&#8221;4.17.4&#8243; _dynamic_attributes=&#8221;url,link_option_url&#8221; _module_preset=&#8221;default&#8221; header_font=&#8221;Montserrat||||||||&#8221; header_text_align=&#8221;center&#8221; header_text_color=&#8221;#474747&#8243; header_font_size=&#8221;25px&#8221; body_font=&#8221;Montserrat||||||||&#8221; body_text_align=&#8221;justify&#8221; body_text_color=&#8221;#00A79F&#8221; custom_padding=&#8221;20px|20px|20px|20px|true|true&#8221; link_option_url=&#8221;@ET-DC@eyJkeW5hbWljIjp0cnVlLCJjb250ZW50IjoicG9zdF9saW5rX3VybF9wYWdlIiwic2V0dGluZ3MiOnsicG9zdF9pZCI6IjExMCJ9fQ==@&#8221; border_radii=&#8221;on|10px|10px|10px|10px&#8221; border_color_all=&#8221;#00F3E8&#8243; box_shadow_style=&#8221;preset2&#8243; global_colors_info=&#8221;{}&#8221;]&nbsp;<\/p>\n<p style=\"text-align: center; padding: 5px; border: 2px solid; border-radius:10px; margin-bottom:10px;\">M\u00e1s informaci\u00f3n<\/p>\n<p style=\"text-align: center;\"><span style=\"color: #333300;\"><\/span><\/p>\n<p>[\/et_pb_blurb][\/et_pb_column][\/et_pb_row][et_pb_row column_structure=&#8221;1_3,1_3,1_3&#8243; _builder_version=&#8221;4.17.4&#8243; _module_preset=&#8221;default&#8221; max_width=&#8221;80%&#8221; animation_style=&#8221;slide&#8221; animation_direction=&#8221;right&#8221; border_width_bottom=&#8221;3px&#8221; border_color_bottom=&#8221;#143D3C&#8221; global_colors_info=&#8221;{}&#8221;][et_pb_column type=&#8221;1_3&#8243; _builder_version=&#8221;4.17.4&#8243; _module_preset=&#8221;default&#8221; global_colors_info=&#8221;{}&#8221;][et_pb_blurb title=&#8221;DECISI\u00d3N 351 DE LA COMUNIDAD ANDINA DE NACIONES &#8211; REGIMEN COM\u00daN SOBRE DERECHO DE AUTOR Y DERECHOS CONEXOS&#8221; url=&#8221;@ET-DC@eyJkeW5hbWljIjp0cnVlLCJjb250ZW50IjoicG9zdF9saW5rX3VybF9wYWdlIiwic2V0dGluZ3MiOnsicG9zdF9pZCI6Ijk1In19@&#8221; module_id=&#8221;card-legal&#8221; _builder_version=&#8221;4.17.4&#8243; _dynamic_attributes=&#8221;url,link_option_url&#8221; _module_preset=&#8221;default&#8221; header_font=&#8221;Montserrat||||||||&#8221; header_text_align=&#8221;center&#8221; header_text_color=&#8221;#474747&#8243; header_font_size=&#8221;25px&#8221; body_font=&#8221;Montserrat||||||||&#8221; body_text_align=&#8221;justify&#8221; body_text_color=&#8221;#00A79F&#8221; custom_padding=&#8221;20px|20px|20px|20px|true|true&#8221; link_option_url=&#8221;@ET-DC@eyJkeW5hbWljIjp0cnVlLCJjb250ZW50IjoicG9zdF9saW5rX3VybF9wYWdlIiwic2V0dGluZ3MiOnsicG9zdF9pZCI6Ijk1In19@&#8221; border_radii=&#8221;on|10px|10px|10px|10px&#8221; border_color_all=&#8221;#00F3E8&#8243; box_shadow_style=&#8221;preset2&#8243; global_colors_info=&#8221;{}&#8221;]&nbsp;<\/p>\n<p style=\"text-align: center; padding: 5px; border: 2px solid; border-radius:10px; margin-bottom:10px;\">M\u00e1s informaci\u00f3n<\/p>\n<p style=\"text-align: center;\"><span style=\"color: #333300;\"><\/span><\/p>\n<p>[\/et_pb_blurb][\/et_pb_column][et_pb_column type=&#8221;1_3&#8243; _builder_version=&#8221;4.17.4&#8243; _module_preset=&#8221;default&#8221; global_colors_info=&#8221;{}&#8221;][et_pb_blurb title=&#8221;DECISI\u00d3N 486  DE LA COMUNIDAD ANDINA DE NACIONES &#8211; R\u00c9GIMEN COM\u00daN SOBRE PROPIEDAD INDUSTRIAL&#8221; url=&#8221;@ET-DC@eyJkeW5hbWljIjp0cnVlLCJjb250ZW50IjoicG9zdF9saW5rX3VybF9wYWdlIiwic2V0dGluZ3MiOnsicG9zdF9pZCI6IjEwMCJ9fQ==@&#8221; module_id=&#8221;card-legal&#8221; _builder_version=&#8221;4.17.4&#8243; _dynamic_attributes=&#8221;url,link_option_url&#8221; _module_preset=&#8221;default&#8221; header_font=&#8221;Montserrat||||||||&#8221; header_text_align=&#8221;center&#8221; header_text_color=&#8221;#474747&#8243; header_font_size=&#8221;25px&#8221; body_font=&#8221;Montserrat||||||||&#8221; body_text_align=&#8221;justify&#8221; body_text_color=&#8221;#00A79F&#8221; custom_padding=&#8221;20px|20px|20px|20px|true|true&#8221; link_option_url=&#8221;@ET-DC@eyJkeW5hbWljIjp0cnVlLCJjb250ZW50IjoicG9zdF9saW5rX3VybF9wYWdlIiwic2V0dGluZ3MiOnsicG9zdF9pZCI6IjEwMCJ9fQ==@&#8221; border_radii=&#8221;on|10px|10px|10px|10px&#8221; border_color_all=&#8221;#00F3E8&#8243; box_shadow_style=&#8221;preset2&#8243; global_colors_info=&#8221;{}&#8221;]&nbsp;<\/p>\n<p style=\"text-align: center; padding: 5px; border: 2px solid; border-radius:10px; margin-bottom:10px;\">M\u00e1s informaci\u00f3n<\/p>\n<p style=\"text-align: center;\"><span style=\"color: #333300;\"><\/span><\/p>\n<p>[\/et_pb_blurb][\/et_pb_column][et_pb_column type=&#8221;1_3&#8243; _builder_version=&#8221;4.17.4&#8243; _module_preset=&#8221;default&#8221; global_colors_info=&#8221;{}&#8221;][et_pb_blurb title=&#8221;C\u00d3DIGO ORG\u00c1NICO INTEGRAL PENAL&#8221; url=&#8221;@ET-DC@eyJkeW5hbWljIjp0cnVlLCJjb250ZW50IjoicG9zdF9saW5rX3VybF9wYWdlIiwic2V0dGluZ3MiOnsicG9zdF9pZCI6Ijg4In19@&#8221; module_id=&#8221;card-legal&#8221; _builder_version=&#8221;4.17.4&#8243; _dynamic_attributes=&#8221;url,link_option_url&#8221; _module_preset=&#8221;default&#8221; header_font=&#8221;Montserrat||||||||&#8221; header_text_align=&#8221;center&#8221; header_text_color=&#8221;#474747&#8243; header_font_size=&#8221;25px&#8221; body_font=&#8221;Montserrat||||||||&#8221; body_text_align=&#8221;justify&#8221; body_text_color=&#8221;#00A79F&#8221; custom_padding=&#8221;20px|20px|20px|20px|true|true&#8221; link_option_url=&#8221;@ET-DC@eyJkeW5hbWljIjp0cnVlLCJjb250ZW50IjoicG9zdF9saW5rX3VybF9wYWdlIiwic2V0dGluZ3MiOnsicG9zdF9pZCI6Ijg4In19@&#8221; border_radii=&#8221;on|10px|10px|10px|10px&#8221; border_color_all=&#8221;#00F3E8&#8243; box_shadow_style=&#8221;preset2&#8243; global_colors_info=&#8221;{}&#8221;]&nbsp;<\/p>\n<p style=\"text-align: center; padding: 5px; border: 2px solid; border-radius:10px; margin-bottom:10px;\">M\u00e1s informaci\u00f3n<\/p>\n<p style=\"text-align: center;\"><span style=\"color: #333300;\"><\/span><\/p>\n<p>[\/et_pb_blurb][\/et_pb_column][\/et_pb_row][et_pb_row column_structure=&#8221;1_3,1_3,1_3&#8243; _builder_version=&#8221;4.17.4&#8243; _module_preset=&#8221;default&#8221; max_width=&#8221;80%&#8221; animation_style=&#8221;slide&#8221; animation_direction=&#8221;bottom&#8221; global_colors_info=&#8221;{}&#8221;][et_pb_column type=&#8221;1_3&#8243; _builder_version=&#8221;4.17.4&#8243; _module_preset=&#8221;default&#8221; global_colors_info=&#8221;{}&#8221;][et_pb_blurb title=&#8221;C\u00d3DIGO ORG\u00c1NICO DE LA ECONOM\u00cdA SOCIAL DE LOS CONOCIMIENTOS, COESCCI&#8221; url=&#8221;@ET-DC@eyJkeW5hbWljIjp0cnVlLCJjb250ZW50IjoicG9zdF9saW5rX3VybF9wYWdlIiwic2V0dGluZ3MiOnsicG9zdF9pZCI6IjgzIn19@&#8221; module_id=&#8221;card-legal&#8221; _builder_version=&#8221;4.17.4&#8243; _dynamic_attributes=&#8221;url,link_option_url&#8221; _module_preset=&#8221;default&#8221; header_font=&#8221;Montserrat||||||||&#8221; header_text_align=&#8221;center&#8221; header_text_color=&#8221;#474747&#8243; header_font_size=&#8221;25px&#8221; body_font=&#8221;Montserrat||||||||&#8221; body_text_align=&#8221;justify&#8221; body_text_color=&#8221;#00A79F&#8221; custom_padding=&#8221;20px|20px|20px|20px|true|true&#8221; link_option_url=&#8221;@ET-DC@eyJkeW5hbWljIjp0cnVlLCJjb250ZW50IjoicG9zdF9saW5rX3VybF9wYWdlIiwic2V0dGluZ3MiOnsicG9zdF9pZCI6IjgzIn19@&#8221; border_radii=&#8221;on|10px|10px|10px|10px&#8221; border_color_all=&#8221;#00F3E8&#8243; box_shadow_style=&#8221;preset2&#8243; global_colors_info=&#8221;{}&#8221;]&nbsp;<\/p>\n<p style=\"text-align: center; padding: 5px; border: 2px solid; border-radius:10px; margin-bottom:10px;\">M\u00e1s informaci\u00f3n<\/p>\n<p style=\"text-align: center;\"><span style=\"color: #333300;\"><\/span><\/p>\n<p>[\/et_pb_blurb][\/et_pb_column][et_pb_column type=&#8221;1_3&#8243; _builder_version=&#8221;4.17.4&#8243; _module_preset=&#8221;default&#8221; global_colors_info=&#8221;{}&#8221;][et_pb_blurb title=&#8221;C\u00d3DIGO ORG\u00c1NICO DE LA PRODUCCI\u00d3N, COMERCIO E INVERSIONES, COPCI&#8221; url=&#8221;@ET-DC@eyJkeW5hbWljIjp0cnVlLCJjb250ZW50IjoicG9zdF9saW5rX3VybF9wYWdlIiwic2V0dGluZ3MiOnsicG9zdF9pZCI6IjIyMSJ9fQ==@&#8221; module_id=&#8221;card-legal&#8221; _builder_version=&#8221;4.17.4&#8243; _dynamic_attributes=&#8221;url,link_option_url&#8221; _module_preset=&#8221;default&#8221; header_font=&#8221;Montserrat||||||||&#8221; header_text_align=&#8221;center&#8221; header_text_color=&#8221;#474747&#8243; header_font_size=&#8221;25px&#8221; body_font=&#8221;Montserrat||||||||&#8221; body_text_align=&#8221;justify&#8221; body_text_color=&#8221;#00A79F&#8221; custom_padding=&#8221;20px|20px|20px|20px|true|true&#8221; link_option_url=&#8221;@ET-DC@eyJkeW5hbWljIjp0cnVlLCJjb250ZW50IjoicG9zdF9saW5rX3VybF9wYWdlIiwic2V0dGluZ3MiOnsicG9zdF9pZCI6IjIyMSJ9fQ==@&#8221; border_radii=&#8221;on|10px|10px|10px|10px&#8221; border_color_all=&#8221;#00F3E8&#8243; box_shadow_style=&#8221;preset2&#8243; global_colors_info=&#8221;{}&#8221;]<\/p>\n<p>&nbsp;<\/p>\n<p style=\"text-align: center; padding: 5px; border: 2px solid; border-radius: 10px; margin-bottom: 10px;\">M\u00e1s informaci\u00f3n<\/p>\n<p style=\"text-align: center;\"><span style=\"color: #333300;\"><\/span><\/p>\n<p>[\/et_pb_blurb][\/et_pb_column][et_pb_column type=&#8221;1_3&#8243; _builder_version=&#8221;4.17.4&#8243; _module_preset=&#8221;default&#8221; global_colors_info=&#8221;{}&#8221;][\/et_pb_column][\/et_pb_row][\/et_pb_section]<\/p>\n","protected":false},"excerpt":{"rendered":"<p>Legislaci\u00f3n Ecuador\u00a0La legislaci\u00f3n nacional ecuatoriana sobre la protecci\u00f3n de la propiedad intelectual est\u00e1 establecida en el C\u00f3digo Org\u00e1nico de la Econom\u00eda Social de los Conocimientos, COESCCI, que protege los derechos de autor, patentes, marcas y otros aspectos relacionados con la propiedad intelectual. Esta ley busca fomentar la creaci\u00f3n de bienes intelectuales, otorgando a personas y [&hellip;]<\/p>\n","protected":false},"author":1,"featured_media":0,"parent":0,"menu_order":0,"comment_status":"closed","ping_status":"closed","template":"","meta":{"_et_pb_use_builder":"on","_et_pb_old_content":"","_et_gb_content_width":"","footnotes":""},"_links":{"self":[{"href":"https:\/\/colectivoantipirateria.org\/index.php\/wp-json\/wp\/v2\/pages\/214"}],"collection":[{"href":"https:\/\/colectivoantipirateria.org\/index.php\/wp-json\/wp\/v2\/pages"}],"about":[{"href":"https:\/\/colectivoantipirateria.org\/index.php\/wp-json\/wp\/v2\/types\/page"}],"author":[{"embeddable":true,"href":"https:\/\/colectivoantipirateria.org\/index.php\/wp-json\/wp\/v2\/users\/1"}],"replies":[{"embeddable":true,"href":"https:\/\/colectivoantipirateria.org\/index.php\/wp-json\/wp\/v2\/comments?post=214"}],"version-history":[{"count":10,"href":"https:\/\/colectivoantipirateria.org\/index.php\/wp-json\/wp\/v2\/pages\/214\/revisions"}],"predecessor-version":[{"id":430,"href":"https:\/\/colectivoantipirateria.org\/index.php\/wp-json\/wp\/v2\/pages\/214\/revisions\/430"}],"wp:attachment":[{"href":"https:\/\/colectivoantipirateria.org\/index.php\/wp-json\/wp\/v2\/media?parent=214"}],"curies":[{"name":"wp","href":"https:\/\/api.w.org\/{rel}","templated":true}]}}